{"id":1710,"date":"2024-03-26T14:23:35","date_gmt":"2024-03-26T14:23:35","guid":{"rendered":"https:\/\/talladeferro.com\/?post_type=product&#038;p=1710"},"modified":"2024-03-26T16:02:42","modified_gmt":"2024-03-26T16:02:42","slug":"lampadak-lampada","status":"publish","type":"product","link":"https:\/\/talladeferro.com\/es\/producto\/lampadak-lampada\/","title":{"rendered":"UAKO"},"content":{"rendered":"<p>Encomana la teva pr\u00f2pia obra d&#8217;art illuminada amb la L\u00e0mpada UAKO de Tall(a) de Ferro i Mimbre.<\/p>\n<p>Aquesta l\u00e0mpada fusiona la robustesa del ferro amb la calidesa del mimbre, creant un encant r\u00fastic modern.<\/p>\n<p>Amb un disseny \u00fanic que captura l&#8217;ess\u00e8ncia de la natura, la L\u00e0mpada UAKO no nom\u00e9s il\u00b7lumina l&#8217;espai sin\u00f3 que tamb\u00e9 crea una atmosfera acollidora i elegant.<\/p>","protected":false},"excerpt":{"rendered":"<p><strong>L\u00e0mpada de ferro i mimbre.<\/strong><\/p>\n<p>Encomana la teva pr\u00f2pia obra d&#8217;art illuminada amb la L\u00e0mpada UAKO de Tall(a) de Ferro i Mimbre.\u00a0Aquesta l\u00e0mpada fusiona la robustesa del ferro amb la calidesa del mimbre, creant un encant r\u00fastic modern.<\/p>\n<p>Amb un disseny \u00fanic que captura l&#8217;ess\u00e8ncia de la natura, la L\u00e0mpada UAKO no nom\u00e9s il\u00b7lumina l&#8217;espai sin\u00f3 que tamb\u00e9 crea una atmosfera acollidora i elegant.<\/p>","protected":false},"featured_media":1732,"comment_status":"open","ping_status":"closed","template":"","meta":[],"product_brand":[],"product_cat":[25,27],"product_tag":[],"class_list":{"0":"post-1710","1":"product","2":"type-product","3":"status-publish","4":"has-post-thumbnail","6":"product_cat-ferro","7":"product_cat-mimbre","8":"sales-flash-overlay","9":"woocommerce-text-align-left","10":"woocommerce-image-align-center","11":"do-quantity-buttons","13":"first","14":"instock","15":"shipping-taxable","16":"purchasable","17":"product-type-simple"},"yoast_head":"<!-- This site is optimized with the Yoast SEO plugin v25.3 - https:\/\/yoast.com\/wordpress\/plugins\/seo\/ -->\n<title>UAKO - Tall(a) de Ferro<\/title>\n<meta name=\"robots\" content=\"index, follow, max-snippet:-1, max-image-preview:large, max-video-preview:-1\" \/>\n<link rel=\"canonical\" href=\"https:\/\/talladeferro.com\/es\/producto\/lampadak-lampada\/\" \/>\n<meta property=\"og:locale\" content=\"es_ES\" \/>\n<meta property=\"og:type\" content=\"article\" \/>\n<meta property=\"og:title\" content=\"UAKO - Tall(a) de Ferro\" \/>\n<meta property=\"og:description\" content=\"L\u00e0mpada de ferro i mimbre.  Encomana la teva pr\u00f2pia obra d&#039;art illuminada amb la L\u00e0mpada UAKO de Tall(a) de Ferro i Mimbre.\u00a0Aquesta l\u00e0mpada fusiona la robustesa del ferro amb la calidesa del mimbre, creant un encant r\u00fastic modern.  Amb un disseny \u00fanic que captura l&#039;ess\u00e8ncia de la natura, la L\u00e0mpada UAKO no nom\u00e9s il\u00b7lumina l&#039;espai sin\u00f3 que tamb\u00e9 crea una atmosfera acollidora i elegant.\" \/>\n<meta property=\"og:url\" content=\"https:\/\/talladeferro.com\/es\/producto\/lampadak-lampada\/\" \/>\n<meta property=\"og:site_name\" content=\"Tall(a) de Ferro\" \/>\n<meta property=\"article:modified_time\" content=\"2024-03-26T16:02:42+00:00\" \/>\n<meta property=\"og:image\" content=\"https:\/\/talladeferro.com\/wp-content\/uploads\/2024\/03\/1.png\" \/>\n\t<meta property=\"og:image:width\" content=\"1080\" \/>\n\t<meta property=\"og:image:height\" content=\"1080\" \/>\n\t<meta property=\"og:image:type\" content=\"image\/png\" \/>\n<meta name=\"twitter:card\" content=\"summary_large_image\" \/>\n<script type=\"application\/ld+json\" class=\"yoast-schema-graph\">{\"@context\":\"https:\/\/schema.org\",\"@graph\":[{\"@type\":\"WebPage\",\"@id\":\"https:\/\/talladeferro.com\/producte\/lampadak-lampada\/\",\"url\":\"https:\/\/talladeferro.com\/producte\/lampadak-lampada\/\",\"name\":\"UAKO - Tall(a) de Ferro\",\"isPartOf\":{\"@id\":\"https:\/\/talladeferro.com\/#website\"},\"primaryImageOfPage\":{\"@id\":\"https:\/\/talladeferro.com\/producte\/lampadak-lampada\/#primaryimage\"},\"image\":{\"@id\":\"https:\/\/talladeferro.com\/producte\/lampadak-lampada\/#primaryimage\"},\"thumbnailUrl\":\"https:\/\/talladeferro.com\/wp-content\/uploads\/2024\/03\/1.png\",\"datePublished\":\"2024-03-26T14:23:35+00:00\",\"dateModified\":\"2024-03-26T16:02:42+00:00\",\"breadcrumb\":{\"@id\":\"https:\/\/talladeferro.com\/producte\/lampadak-lampada\/#breadcrumb\"},\"inLanguage\":\"es\",\"potentialAction\":[{\"@type\":\"ReadAction\",\"target\":[\"https:\/\/talladeferro.com\/producte\/lampadak-lampada\/\"]}]},{\"@type\":\"ImageObject\",\"inLanguage\":\"es\",\"@id\":\"https:\/\/talladeferro.com\/producte\/lampadak-lampada\/#primaryimage\",\"url\":\"https:\/\/talladeferro.com\/wp-content\/uploads\/2024\/03\/1.png\",\"contentUrl\":\"https:\/\/talladeferro.com\/wp-content\/uploads\/2024\/03\/1.png\",\"width\":1080,\"height\":1080,\"caption\":\"L\u00e0mpada, v\u00edmet, mimbre, artesania, ferro, minimal, disseny, Talla de Ferro, dona, feminisme, casa, decoraci\u00f3, mobiliari, a mida, personalitzat.\"},{\"@type\":\"BreadcrumbList\",\"@id\":\"https:\/\/talladeferro.com\/producte\/lampadak-lampada\/#breadcrumb\",\"itemListElement\":[{\"@type\":\"ListItem\",\"position\":1,\"name\":\"Inici\",\"item\":\"https:\/\/talladeferro.com\/\"},{\"@type\":\"ListItem\",\"position\":2,\"name\":\"Productes\",\"item\":\"https:\/\/talladeferro.com\/shop\/\"},{\"@type\":\"ListItem\",\"position\":3,\"name\":\"UAKO\"}]},{\"@type\":\"WebSite\",\"@id\":\"https:\/\/talladeferro.com\/#website\",\"url\":\"https:\/\/talladeferro.com\/\",\"name\":\"Tall(a) de Ferro\",\"description\":\"L&#039;artesana del ferro.\",\"publisher\":{\"@id\":\"https:\/\/talladeferro.com\/#organization\"},\"potentialAction\":[{\"@type\":\"SearchAction\",\"target\":{\"@type\":\"EntryPoint\",\"urlTemplate\":\"https:\/\/talladeferro.com\/?s={search_term_string}\"},\"query-input\":{\"@type\":\"PropertyValueSpecification\",\"valueRequired\":true,\"valueName\":\"search_term_string\"}}],\"inLanguage\":\"es\"},{\"@type\":\"Organization\",\"@id\":\"https:\/\/talladeferro.com\/#organization\",\"name\":\"Tall(a) de Ferro\",\"url\":\"https:\/\/talladeferro.com\/\",\"logo\":{\"@type\":\"ImageObject\",\"inLanguage\":\"es\",\"@id\":\"https:\/\/talladeferro.com\/#\/schema\/logo\/image\/\",\"url\":\"https:\/\/talladeferro.com\/wp-content\/uploads\/2024\/03\/logo_talla_de_ferro.svg\",\"contentUrl\":\"https:\/\/talladeferro.com\/wp-content\/uploads\/2024\/03\/logo_talla_de_ferro.svg\",\"width\":268,\"height\":163,\"caption\":\"Tall(a) de Ferro\"},\"image\":{\"@id\":\"https:\/\/talladeferro.com\/#\/schema\/logo\/image\/\"},\"sameAs\":[\"https:\/\/www.instagram.com\/talla_de_ferro\/\"]}]}<\/script>\n<!-- \/ Yoast SEO plugin. -->","yoast_head_json":{"title":"UAKO - Tall(a) de Ferro","robots":{"index":"index","follow":"follow","max-snippet":"max-snippet:-1","max-image-preview":"max-image-preview:large","max-video-preview":"max-video-preview:-1"},"canonical":"https:\/\/talladeferro.com\/es\/producto\/lampadak-lampada\/","og_locale":"es_ES","og_type":"article","og_title":"UAKO - Tall(a) de Ferro","og_description":"L\u00e0mpada de ferro i mimbre.  Encomana la teva pr\u00f2pia obra d'art illuminada amb la L\u00e0mpada UAKO de Tall(a) de Ferro i Mimbre.\u00a0Aquesta l\u00e0mpada fusiona la robustesa del ferro amb la calidesa del mimbre, creant un encant r\u00fastic modern.  Amb un disseny \u00fanic que captura l'ess\u00e8ncia de la natura, la L\u00e0mpada UAKO no nom\u00e9s il\u00b7lumina l'espai sin\u00f3 que tamb\u00e9 crea una atmosfera acollidora i elegant.","og_url":"https:\/\/talladeferro.com\/es\/producto\/lampadak-lampada\/","og_site_name":"Tall(a) de Ferro","article_modified_time":"2024-03-26T16:02:42+00:00","og_image":[{"width":1080,"height":1080,"url":"https:\/\/talladeferro.com\/wp-content\/uploads\/2024\/03\/1.png","type":"image\/png"}],"twitter_card":"summary_large_image","schema":{"@context":"https:\/\/schema.org","@graph":[{"@type":"WebPage","@id":"https:\/\/talladeferro.com\/producte\/lampadak-lampada\/","url":"https:\/\/talladeferro.com\/producte\/lampadak-lampada\/","name":"UAKO - Tall(a) de Ferro","isPartOf":{"@id":"https:\/\/talladeferro.com\/#website"},"primaryImageOfPage":{"@id":"https:\/\/talladeferro.com\/producte\/lampadak-lampada\/#primaryimage"},"image":{"@id":"https:\/\/talladeferro.com\/producte\/lampadak-lampada\/#primaryimage"},"thumbnailUrl":"https:\/\/talladeferro.com\/wp-content\/uploads\/2024\/03\/1.png","datePublished":"2024-03-26T14:23:35+00:00","dateModified":"2024-03-26T16:02:42+00:00","breadcrumb":{"@id":"https:\/\/talladeferro.com\/producte\/lampadak-lampada\/#breadcrumb"},"inLanguage":"es","potentialAction":[{"@type":"ReadAction","target":["https:\/\/talladeferro.com\/producte\/lampadak-lampada\/"]}]},{"@type":"ImageObject","inLanguage":"es","@id":"https:\/\/talladeferro.com\/producte\/lampadak-lampada\/#primaryimage","url":"https:\/\/talladeferro.com\/wp-content\/uploads\/2024\/03\/1.png","contentUrl":"https:\/\/talladeferro.com\/wp-content\/uploads\/2024\/03\/1.png","width":1080,"height":1080,"caption":"L\u00e0mpada, v\u00edmet, mimbre, artesania, ferro, minimal, disseny, Talla de Ferro, dona, feminisme, casa, decoraci\u00f3, mobiliari, a mida, personalitzat."},{"@type":"BreadcrumbList","@id":"https:\/\/talladeferro.com\/producte\/lampadak-lampada\/#breadcrumb","itemListElement":[{"@type":"ListItem","position":1,"name":"Inici","item":"https:\/\/talladeferro.com\/"},{"@type":"ListItem","position":2,"name":"Productes","item":"https:\/\/talladeferro.com\/shop\/"},{"@type":"ListItem","position":3,"name":"UAKO"}]},{"@type":"WebSite","@id":"https:\/\/talladeferro.com\/#website","url":"https:\/\/talladeferro.com\/","name":"Tall(a) de Ferro","description":"L&#039;artesana del ferro.","publisher":{"@id":"https:\/\/talladeferro.com\/#organization"},"potentialAction":[{"@type":"SearchAction","target":{"@type":"EntryPoint","urlTemplate":"https:\/\/talladeferro.com\/?s={search_term_string}"},"query-input":{"@type":"PropertyValueSpecification","valueRequired":true,"valueName":"search_term_string"}}],"inLanguage":"es"},{"@type":"Organization","@id":"https:\/\/talladeferro.com\/#organization","name":"Tall(a) de Ferro","url":"https:\/\/talladeferro.com\/","logo":{"@type":"ImageObject","inLanguage":"es","@id":"https:\/\/talladeferro.com\/#\/schema\/logo\/image\/","url":"https:\/\/talladeferro.com\/wp-content\/uploads\/2024\/03\/logo_talla_de_ferro.svg","contentUrl":"https:\/\/talladeferro.com\/wp-content\/uploads\/2024\/03\/logo_talla_de_ferro.svg","width":268,"height":163,"caption":"Tall(a) de Ferro"},"image":{"@id":"https:\/\/talladeferro.com\/#\/schema\/logo\/image\/"},"sameAs":["https:\/\/www.instagram.com\/talla_de_ferro\/"]}]}},"_links":{"self":[{"href":"https:\/\/talladeferro.com\/es\/wp-json\/wp\/v2\/product\/1710","targetHints":{"allow":["GET"]}}],"collection":[{"href":"https:\/\/talladeferro.com\/es\/wp-json\/wp\/v2\/product"}],"about":[{"href":"https:\/\/talladeferro.com\/es\/wp-json\/wp\/v2\/types\/product"}],"replies":[{"embeddable":true,"href":"https:\/\/talladeferro.com\/es\/wp-json\/wp\/v2\/comments?post=1710"}],"wp:featuredmedia":[{"embeddable":true,"href":"https:\/\/talladeferro.com\/es\/wp-json\/wp\/v2\/media\/1732"}],"wp:attachment":[{"href":"https:\/\/talladeferro.com\/es\/wp-json\/wp\/v2\/media?parent=1710"}],"wp:term":[{"taxonomy":"product_brand","embeddable":true,"href":"https:\/\/talladeferro.com\/es\/wp-json\/wp\/v2\/product_brand?post=1710"},{"taxonomy":"product_cat","embeddable":true,"href":"https:\/\/talladeferro.com\/es\/wp-json\/wp\/v2\/product_cat?post=1710"},{"taxonomy":"product_tag","embeddable":true,"href":"https:\/\/talladeferro.com\/es\/wp-json\/wp\/v2\/product_tag?post=1710"}],"curies":[{"name":"wp","href":"https:\/\/api.w.org\/{rel}","templated":true}]}}