{"id":393,"date":"2024-02-08T23:49:18","date_gmt":"2024-02-08T23:49:18","guid":{"rendered":"https:\/\/gpsites.co\/woo-new\/?post_type=product&#038;p=393"},"modified":"2024-04-02T09:07:36","modified_gmt":"2024-04-02T09:07:36","slug":"berka-tauleta-sofa","status":"publish","type":"product","link":"https:\/\/talladeferro.com\/es\/producto\/berka-tauleta-sofa\/","title":{"rendered":"BERKA"},"content":{"rendered":"<p>Maximitza la teva comoditat i productivitat amb la Tauleta Petita Sof\u00e0 Treball de <strong><a href=\"https:\/\/talladeferro.com\/es\/qui-som\/\">Tall(a) de Ferro<\/a><\/strong>.<\/p>\n<p>Esta pieza compacta y funcional es el acompa\u00f1amiento perfecto para tu sof\u00e1, proporcionando una superficie elevada ideal para trabajar con tu port\u00e1til. Con un elegante dise\u00f1o de hierro y madera, esta mesita no solo cumple su funci\u00f3n pr\u00e1ctica sino que tambi\u00e9n realza el estilo de tu espacio de trabajo a casa.<\/p>\n<p>Optimiza tu tiempo de trabajo con esta soluci\u00f3n eficiente y est\u00e9ticamente agradable de Tall(a) de Ferro.<\/p>","protected":false},"excerpt":{"rendered":"<p><strong>Mesita de trabajo para sof\u00e1<\/strong><\/p>\n<p>Mesita peque\u00f1a apta para trabajar con el port\u00e1til, leer un libro, estudiar, etc. Maximiza tu comodidad y productividad con la BERKA Mesita de Trabajo para sof\u00e1 de Tall(a) de Ferro.<\/p>\n<p>Hacemos mesas a medida a tu gusto. Con la colaboraci\u00f3n de la carpinter\u00eda Atesta.<\/p>\n<p>Contacta con nosotras a partir del formulario y estaremos encantadas de poderte ayudar a crearte la mesa perfecta.<\/p>","protected":false},"featured_media":1503,"comment_status":"open","ping_status":"closed","template":"","meta":[],"product_brand":[],"product_cat":[25,26],"product_tag":[],"class_list":{"0":"post-393","1":"product","2":"type-product","3":"status-publish","4":"has-post-thumbnail","6":"product_cat-ferro","7":"product_cat-fusta","8":"sales-flash-overlay","9":"woocommerce-text-align-left","10":"woocommerce-image-align-center","11":"do-quantity-buttons","13":"first","14":"instock","15":"shipping-taxable","16":"purchasable","17":"product-type-simple"},"yoast_head":"<!-- This site is optimized with the Yoast SEO plugin v25.3 - https:\/\/yoast.com\/wordpress\/plugins\/seo\/ -->\n<title>BERKA - Tall(a) de Ferro<\/title>\n<meta name=\"description\" content=\"Tall(a) de Ferro - BERKA Tauleta petita apta per a treballar amb el port\u00e0til, llegir un llibre, estudiar, etc. Maximitza la teva comoditat i productivitat amb la BERKA Tauleta de Treball per sof\u00e0 de Tall(a) de Ferro.\" \/>\n<meta name=\"robots\" content=\"index, follow, max-snippet:-1, max-image-preview:large, max-video-preview:-1\" \/>\n<link rel=\"canonical\" href=\"https:\/\/talladeferro.com\/es\/producto\/berka-tauleta-sofa\/\" \/>\n<meta property=\"og:locale\" content=\"es_ES\" \/>\n<meta property=\"og:type\" content=\"article\" \/>\n<meta property=\"og:title\" content=\"BERKA - Tall(a) de Ferro\" \/>\n<meta property=\"og:description\" content=\"Tall(a) de Ferro - BERKA Tauleta petita apta per a treballar amb el port\u00e0til, llegir un llibre, estudiar, etc. Maximitza la teva comoditat i productivitat amb la BERKA Tauleta de Treball per sof\u00e0 de Tall(a) de Ferro.\" \/>\n<meta property=\"og:url\" content=\"https:\/\/talladeferro.com\/es\/producto\/berka-tauleta-sofa\/\" \/>\n<meta property=\"og:site_name\" content=\"Tall(a) de Ferro\" \/>\n<meta property=\"article:modified_time\" content=\"2024-04-02T09:07:36+00:00\" \/>\n<meta property=\"og:image\" content=\"https:\/\/talladeferro.com\/wp-content\/uploads\/2021\/02\/2-2.png\" \/>\n\t<meta property=\"og:image:width\" content=\"1080\" \/>\n\t<meta property=\"og:image:height\" content=\"1080\" \/>\n\t<meta property=\"og:image:type\" content=\"image\/png\" \/>\n<meta name=\"twitter:card\" content=\"summary_large_image\" \/>\n<meta name=\"twitter:label1\" content=\"Tiempo de lectura\" \/>\n\t<meta name=\"twitter:data1\" content=\"1 minuto\" \/>\n<script type=\"application\/ld+json\" class=\"yoast-schema-graph\">{\"@context\":\"https:\/\/schema.org\",\"@graph\":[{\"@type\":\"WebPage\",\"@id\":\"https:\/\/talladeferro.com\/producte\/berka-tauleta-sofa\/\",\"url\":\"https:\/\/talladeferro.com\/producte\/berka-tauleta-sofa\/\",\"name\":\"BERKA - Tall(a) de Ferro\",\"isPartOf\":{\"@id\":\"https:\/\/talladeferro.com\/#website\"},\"primaryImageOfPage\":{\"@id\":\"https:\/\/talladeferro.com\/producte\/berka-tauleta-sofa\/#primaryimage\"},\"image\":{\"@id\":\"https:\/\/talladeferro.com\/producte\/berka-tauleta-sofa\/#primaryimage\"},\"thumbnailUrl\":\"https:\/\/talladeferro.com\/wp-content\/uploads\/2021\/02\/2-2.png\",\"datePublished\":\"2024-02-08T23:49:18+00:00\",\"dateModified\":\"2024-04-02T09:07:36+00:00\",\"description\":\"Tall(a) de Ferro - BERKA Tauleta petita apta per a treballar amb el port\u00e0til, llegir un llibre, estudiar, etc. Maximitza la teva comoditat i productivitat amb la BERKA Tauleta de Treball per sof\u00e0 de Tall(a) de Ferro.\",\"breadcrumb\":{\"@id\":\"https:\/\/talladeferro.com\/producte\/berka-tauleta-sofa\/#breadcrumb\"},\"inLanguage\":\"es\",\"potentialAction\":[{\"@type\":\"ReadAction\",\"target\":[\"https:\/\/talladeferro.com\/producte\/berka-tauleta-sofa\/\"]}]},{\"@type\":\"ImageObject\",\"inLanguage\":\"es\",\"@id\":\"https:\/\/talladeferro.com\/producte\/berka-tauleta-sofa\/#primaryimage\",\"url\":\"https:\/\/talladeferro.com\/wp-content\/uploads\/2021\/02\/2-2.png\",\"contentUrl\":\"https:\/\/talladeferro.com\/wp-content\/uploads\/2021\/02\/2-2.png\",\"width\":1080,\"height\":1080,\"caption\":\"Tauleta de treball, port\u00e0til, llibres, llegir, llibre, taula petita treball, sof\u00e0, comoditat, c\u00f2mode, llibres flotants, creativitat, creativa, creatiu, artesania, ferro, minimal, disseny, Talla de Ferro, dona, feminisme, casa, decoraci\u00f3, mobiliari, a mida, personalitzat.\"},{\"@type\":\"BreadcrumbList\",\"@id\":\"https:\/\/talladeferro.com\/producte\/berka-tauleta-sofa\/#breadcrumb\",\"itemListElement\":[{\"@type\":\"ListItem\",\"position\":1,\"name\":\"Inici\",\"item\":\"https:\/\/talladeferro.com\/\"},{\"@type\":\"ListItem\",\"position\":2,\"name\":\"Productes\",\"item\":\"https:\/\/talladeferro.com\/shop\/\"},{\"@type\":\"ListItem\",\"position\":3,\"name\":\"BERKA\"}]},{\"@type\":\"WebSite\",\"@id\":\"https:\/\/talladeferro.com\/#website\",\"url\":\"https:\/\/talladeferro.com\/\",\"name\":\"Tall(a) de Ferro\",\"description\":\"L&#039;artesana del ferro.\",\"publisher\":{\"@id\":\"https:\/\/talladeferro.com\/#organization\"},\"potentialAction\":[{\"@type\":\"SearchAction\",\"target\":{\"@type\":\"EntryPoint\",\"urlTemplate\":\"https:\/\/talladeferro.com\/?s={search_term_string}\"},\"query-input\":{\"@type\":\"PropertyValueSpecification\",\"valueRequired\":true,\"valueName\":\"search_term_string\"}}],\"inLanguage\":\"es\"},{\"@type\":\"Organization\",\"@id\":\"https:\/\/talladeferro.com\/#organization\",\"name\":\"Tall(a) de Ferro\",\"url\":\"https:\/\/talladeferro.com\/\",\"logo\":{\"@type\":\"ImageObject\",\"inLanguage\":\"es\",\"@id\":\"https:\/\/talladeferro.com\/#\/schema\/logo\/image\/\",\"url\":\"https:\/\/talladeferro.com\/wp-content\/uploads\/2024\/03\/logo_talla_de_ferro.svg\",\"contentUrl\":\"https:\/\/talladeferro.com\/wp-content\/uploads\/2024\/03\/logo_talla_de_ferro.svg\",\"width\":268,\"height\":163,\"caption\":\"Tall(a) de Ferro\"},\"image\":{\"@id\":\"https:\/\/talladeferro.com\/#\/schema\/logo\/image\/\"},\"sameAs\":[\"https:\/\/www.instagram.com\/talla_de_ferro\/\"]}]}<\/script>\n<!-- \/ Yoast SEO plugin. -->","yoast_head_json":{"title":"BERKA - Tall(a) de Ferro","description":"Tall(a) de Ferro - BERKA Tauleta petita apta per a treballar amb el port\u00e0til, llegir un llibre, estudiar, etc. Maximitza la teva comoditat i productivitat amb la BERKA Tauleta de Treball per sof\u00e0 de Tall(a) de Ferro.","robots":{"index":"index","follow":"follow","max-snippet":"max-snippet:-1","max-image-preview":"max-image-preview:large","max-video-preview":"max-video-preview:-1"},"canonical":"https:\/\/talladeferro.com\/es\/producto\/berka-tauleta-sofa\/","og_locale":"es_ES","og_type":"article","og_title":"BERKA - Tall(a) de Ferro","og_description":"Tall(a) de Ferro - BERKA Tauleta petita apta per a treballar amb el port\u00e0til, llegir un llibre, estudiar, etc. Maximitza la teva comoditat i productivitat amb la BERKA Tauleta de Treball per sof\u00e0 de Tall(a) de Ferro.","og_url":"https:\/\/talladeferro.com\/es\/producto\/berka-tauleta-sofa\/","og_site_name":"Tall(a) de Ferro","article_modified_time":"2024-04-02T09:07:36+00:00","og_image":[{"width":1080,"height":1080,"url":"https:\/\/talladeferro.com\/wp-content\/uploads\/2021\/02\/2-2.png","type":"image\/png"}],"twitter_card":"summary_large_image","twitter_misc":{"Tiempo de lectura":"1 minuto"},"schema":{"@context":"https:\/\/schema.org","@graph":[{"@type":"WebPage","@id":"https:\/\/talladeferro.com\/producte\/berka-tauleta-sofa\/","url":"https:\/\/talladeferro.com\/producte\/berka-tauleta-sofa\/","name":"BERKA - Tall(a) de Ferro","isPartOf":{"@id":"https:\/\/talladeferro.com\/#website"},"primaryImageOfPage":{"@id":"https:\/\/talladeferro.com\/producte\/berka-tauleta-sofa\/#primaryimage"},"image":{"@id":"https:\/\/talladeferro.com\/producte\/berka-tauleta-sofa\/#primaryimage"},"thumbnailUrl":"https:\/\/talladeferro.com\/wp-content\/uploads\/2021\/02\/2-2.png","datePublished":"2024-02-08T23:49:18+00:00","dateModified":"2024-04-02T09:07:36+00:00","description":"Tall(a) de Ferro - BERKA Tauleta petita apta per a treballar amb el port\u00e0til, llegir un llibre, estudiar, etc. Maximitza la teva comoditat i productivitat amb la BERKA Tauleta de Treball per sof\u00e0 de Tall(a) de Ferro.","breadcrumb":{"@id":"https:\/\/talladeferro.com\/producte\/berka-tauleta-sofa\/#breadcrumb"},"inLanguage":"es","potentialAction":[{"@type":"ReadAction","target":["https:\/\/talladeferro.com\/producte\/berka-tauleta-sofa\/"]}]},{"@type":"ImageObject","inLanguage":"es","@id":"https:\/\/talladeferro.com\/producte\/berka-tauleta-sofa\/#primaryimage","url":"https:\/\/talladeferro.com\/wp-content\/uploads\/2021\/02\/2-2.png","contentUrl":"https:\/\/talladeferro.com\/wp-content\/uploads\/2021\/02\/2-2.png","width":1080,"height":1080,"caption":"Tauleta de treball, port\u00e0til, llibres, llegir, llibre, taula petita treball, sof\u00e0, comoditat, c\u00f2mode, llibres flotants, creativitat, creativa, creatiu, artesania, ferro, minimal, disseny, Talla de Ferro, dona, feminisme, casa, decoraci\u00f3, mobiliari, a mida, personalitzat."},{"@type":"BreadcrumbList","@id":"https:\/\/talladeferro.com\/producte\/berka-tauleta-sofa\/#breadcrumb","itemListElement":[{"@type":"ListItem","position":1,"name":"Inici","item":"https:\/\/talladeferro.com\/"},{"@type":"ListItem","position":2,"name":"Productes","item":"https:\/\/talladeferro.com\/shop\/"},{"@type":"ListItem","position":3,"name":"BERKA"}]},{"@type":"WebSite","@id":"https:\/\/talladeferro.com\/#website","url":"https:\/\/talladeferro.com\/","name":"Tall(a) de Ferro","description":"L&#039;artesana del ferro.","publisher":{"@id":"https:\/\/talladeferro.com\/#organization"},"potentialAction":[{"@type":"SearchAction","target":{"@type":"EntryPoint","urlTemplate":"https:\/\/talladeferro.com\/?s={search_term_string}"},"query-input":{"@type":"PropertyValueSpecification","valueRequired":true,"valueName":"search_term_string"}}],"inLanguage":"es"},{"@type":"Organization","@id":"https:\/\/talladeferro.com\/#organization","name":"Tall(a) de Ferro","url":"https:\/\/talladeferro.com\/","logo":{"@type":"ImageObject","inLanguage":"es","@id":"https:\/\/talladeferro.com\/#\/schema\/logo\/image\/","url":"https:\/\/talladeferro.com\/wp-content\/uploads\/2024\/03\/logo_talla_de_ferro.svg","contentUrl":"https:\/\/talladeferro.com\/wp-content\/uploads\/2024\/03\/logo_talla_de_ferro.svg","width":268,"height":163,"caption":"Tall(a) de Ferro"},"image":{"@id":"https:\/\/talladeferro.com\/#\/schema\/logo\/image\/"},"sameAs":["https:\/\/www.instagram.com\/talla_de_ferro\/"]}]}},"_links":{"self":[{"href":"https:\/\/talladeferro.com\/es\/wp-json\/wp\/v2\/product\/393","targetHints":{"allow":["GET"]}}],"collection":[{"href":"https:\/\/talladeferro.com\/es\/wp-json\/wp\/v2\/product"}],"about":[{"href":"https:\/\/talladeferro.com\/es\/wp-json\/wp\/v2\/types\/product"}],"replies":[{"embeddable":true,"href":"https:\/\/talladeferro.com\/es\/wp-json\/wp\/v2\/comments?post=393"}],"wp:featuredmedia":[{"embeddable":true,"href":"https:\/\/talladeferro.com\/es\/wp-json\/wp\/v2\/media\/1503"}],"wp:attachment":[{"href":"https:\/\/talladeferro.com\/es\/wp-json\/wp\/v2\/media?parent=393"}],"wp:term":[{"taxonomy":"product_brand","embeddable":true,"href":"https:\/\/talladeferro.com\/es\/wp-json\/wp\/v2\/product_brand?post=393"},{"taxonomy":"product_cat","embeddable":true,"href":"https:\/\/talladeferro.com\/es\/wp-json\/wp\/v2\/product_cat?post=393"},{"taxonomy":"product_tag","embeddable":true,"href":"https:\/\/talladeferro.com\/es\/wp-json\/wp\/v2\/product_tag?post=393"}],"curies":[{"name":"wp","href":"https:\/\/api.w.org\/{rel}","templated":true}]}}