{"id":395,"date":"2024-02-08T23:49:47","date_gmt":"2024-02-08T23:49:47","guid":{"rendered":"https:\/\/gpsites.co\/woo-new\/?post_type=product&#038;p=395"},"modified":"2025-03-03T15:38:23","modified_gmt":"2025-03-03T15:38:23","slug":"holz-suport-llenya","status":"publish","type":"product","link":"https:\/\/talladeferro.com\/es\/producto\/holz-suport-llenya\/","title":{"rendered":"HOLZ"},"content":{"rendered":"<p>Uni\u00f3 de funcionalitat i estil amb el HOLZ Suport de Llenya de <strong><a href=\"https:\/\/talladeferro.com\/es\/qui-som\/\">Tall(a) de Ferro<\/a><\/strong>.<\/p>\n<p>Amb formes geom\u00e8triques i l\u00ednies elegants, aquest suport no nom\u00e9s organitza la llenya, sin\u00f3 que tamb\u00e9 aporta una est\u00e8tica \u00fanica al teu espai. Ferro de primera qualitat, \u00e9s robust i durador, assegurant una soluci\u00f3 pr\u00e0ctica i atractiva per al teu emmagatzematge de llenya.<\/p>","protected":false},"excerpt":{"rendered":"<p><strong>Soporte de le\u00f1a cil\u00edndrico creado con hierro.<\/strong><\/p>\n<p>Uni\u00f3n de funcionalidad y estilo con el HOLZ Soporte de Le\u00f1a de Tall(a) de Ferro. Con formas geom\u00e9tricas y l\u00edneas elegantes, este apoyo no solo organiza la le\u00f1a, sino que tambi\u00e9n aporta una est\u00e9tica \u00fanica en tu espacio.<\/p>\n<p>Ferro de primera qualitat, \u00e9s robust i durador, assegurant una soluci\u00f3 pr\u00e0ctica i atractiva per al teu emmagatzematge de llenya.<\/p>","protected":false},"featured_media":1485,"comment_status":"open","ping_status":"closed","template":"","meta":[],"product_brand":[],"product_cat":[25],"product_tag":[],"class_list":{"0":"post-395","1":"product","2":"type-product","3":"status-publish","4":"has-post-thumbnail","6":"product_cat-ferro","7":"sales-flash-overlay","8":"woocommerce-text-align-left","9":"woocommerce-image-align-center","10":"do-quantity-buttons","12":"first","13":"instock","14":"shipping-taxable","15":"purchasable","16":"product-type-simple"},"yoast_head":"<!-- This site is optimized with the Yoast SEO plugin v25.3 - https:\/\/yoast.com\/wordpress\/plugins\/seo\/ -->\n<title>HOLZ - Tall(a) de Ferro<\/title>\n<meta name=\"description\" content=\"Tall(a) de Ferro - HOLZ Uni\u00f3 de funcionalitat i estil amb el HOLZ Suport de Llenya cil\u00edndric de Tall(a) de Ferro. Amb formes geom\u00e8triques i l\u00ednies elegants, no nom\u00e9s organitza la llenya, sin\u00f3 que tamb\u00e9 aporta una est\u00e8tica \u00fanica al teu espai.\" \/>\n<meta name=\"robots\" content=\"index, follow, max-snippet:-1, max-image-preview:large, max-video-preview:-1\" \/>\n<link rel=\"canonical\" href=\"https:\/\/talladeferro.com\/es\/producto\/holz-suport-llenya\/\" \/>\n<meta property=\"og:locale\" content=\"es_ES\" \/>\n<meta property=\"og:type\" content=\"article\" \/>\n<meta property=\"og:title\" content=\"HOLZ - Tall(a) de Ferro\" \/>\n<meta property=\"og:description\" content=\"Tall(a) de Ferro - HOLZ Uni\u00f3 de funcionalitat i estil amb el HOLZ Suport de Llenya cil\u00edndric de Tall(a) de Ferro. Amb formes geom\u00e8triques i l\u00ednies elegants, no nom\u00e9s organitza la llenya, sin\u00f3 que tamb\u00e9 aporta una est\u00e8tica \u00fanica al teu espai.\" \/>\n<meta property=\"og:url\" content=\"https:\/\/talladeferro.com\/es\/producto\/holz-suport-llenya\/\" \/>\n<meta property=\"og:site_name\" content=\"Tall(a) de Ferro\" \/>\n<meta property=\"article:modified_time\" content=\"2025-03-03T15:38:23+00:00\" \/>\n<meta property=\"og:image\" content=\"https:\/\/talladeferro.com\/wp-content\/uploads\/2021\/02\/4.png\" \/>\n\t<meta property=\"og:image:width\" content=\"1080\" \/>\n\t<meta property=\"og:image:height\" content=\"1080\" \/>\n\t<meta property=\"og:image:type\" content=\"image\/png\" \/>\n<meta name=\"twitter:card\" content=\"summary_large_image\" \/>\n<meta name=\"twitter:label1\" content=\"Tiempo de lectura\" \/>\n\t<meta name=\"twitter:data1\" content=\"1 minuto\" \/>\n<script type=\"application\/ld+json\" class=\"yoast-schema-graph\">{\"@context\":\"https:\/\/schema.org\",\"@graph\":[{\"@type\":\"WebPage\",\"@id\":\"https:\/\/talladeferro.com\/producte\/holz-suport-llenya\/\",\"url\":\"https:\/\/talladeferro.com\/producte\/holz-suport-llenya\/\",\"name\":\"HOLZ - Tall(a) de Ferro\",\"isPartOf\":{\"@id\":\"https:\/\/talladeferro.com\/#website\"},\"primaryImageOfPage\":{\"@id\":\"https:\/\/talladeferro.com\/producte\/holz-suport-llenya\/#primaryimage\"},\"image\":{\"@id\":\"https:\/\/talladeferro.com\/producte\/holz-suport-llenya\/#primaryimage\"},\"thumbnailUrl\":\"https:\/\/talladeferro.com\/wp-content\/uploads\/2021\/02\/4.png\",\"datePublished\":\"2024-02-08T23:49:47+00:00\",\"dateModified\":\"2025-03-03T15:38:23+00:00\",\"description\":\"Tall(a) de Ferro - HOLZ Uni\u00f3 de funcionalitat i estil amb el HOLZ Suport de Llenya cil\u00edndric de Tall(a) de Ferro. Amb formes geom\u00e8triques i l\u00ednies elegants, no nom\u00e9s organitza la llenya, sin\u00f3 que tamb\u00e9 aporta una est\u00e8tica \u00fanica al teu espai.\",\"breadcrumb\":{\"@id\":\"https:\/\/talladeferro.com\/producte\/holz-suport-llenya\/#breadcrumb\"},\"inLanguage\":\"es\",\"potentialAction\":[{\"@type\":\"ReadAction\",\"target\":[\"https:\/\/talladeferro.com\/producte\/holz-suport-llenya\/\"]}]},{\"@type\":\"ImageObject\",\"inLanguage\":\"es\",\"@id\":\"https:\/\/talladeferro.com\/producte\/holz-suport-llenya\/#primaryimage\",\"url\":\"https:\/\/talladeferro.com\/wp-content\/uploads\/2021\/02\/4.png\",\"contentUrl\":\"https:\/\/talladeferro.com\/wp-content\/uploads\/2021\/02\/4.png\",\"width\":1080,\"height\":1080,\"caption\":\"Suport llenya, llenya, guarda llenya, creativitat, creativa, creatiu, artesania, ferro, minimal, disseny, Talla de Ferro, dona, feminisme, casa, decoraci\u00f3, mobiliari, a mida, personalitzat.\"},{\"@type\":\"BreadcrumbList\",\"@id\":\"https:\/\/talladeferro.com\/producte\/holz-suport-llenya\/#breadcrumb\",\"itemListElement\":[{\"@type\":\"ListItem\",\"position\":1,\"name\":\"Inici\",\"item\":\"https:\/\/talladeferro.com\/\"},{\"@type\":\"ListItem\",\"position\":2,\"name\":\"Productes\",\"item\":\"https:\/\/talladeferro.com\/shop\/\"},{\"@type\":\"ListItem\",\"position\":3,\"name\":\"HOLZ\"}]},{\"@type\":\"WebSite\",\"@id\":\"https:\/\/talladeferro.com\/#website\",\"url\":\"https:\/\/talladeferro.com\/\",\"name\":\"Tall(a) de Ferro\",\"description\":\"L&#039;artesana del ferro.\",\"publisher\":{\"@id\":\"https:\/\/talladeferro.com\/#organization\"},\"potentialAction\":[{\"@type\":\"SearchAction\",\"target\":{\"@type\":\"EntryPoint\",\"urlTemplate\":\"https:\/\/talladeferro.com\/?s={search_term_string}\"},\"query-input\":{\"@type\":\"PropertyValueSpecification\",\"valueRequired\":true,\"valueName\":\"search_term_string\"}}],\"inLanguage\":\"es\"},{\"@type\":\"Organization\",\"@id\":\"https:\/\/talladeferro.com\/#organization\",\"name\":\"Tall(a) de Ferro\",\"url\":\"https:\/\/talladeferro.com\/\",\"logo\":{\"@type\":\"ImageObject\",\"inLanguage\":\"es\",\"@id\":\"https:\/\/talladeferro.com\/#\/schema\/logo\/image\/\",\"url\":\"https:\/\/talladeferro.com\/wp-content\/uploads\/2024\/03\/logo_talla_de_ferro.svg\",\"contentUrl\":\"https:\/\/talladeferro.com\/wp-content\/uploads\/2024\/03\/logo_talla_de_ferro.svg\",\"width\":268,\"height\":163,\"caption\":\"Tall(a) de Ferro\"},\"image\":{\"@id\":\"https:\/\/talladeferro.com\/#\/schema\/logo\/image\/\"},\"sameAs\":[\"https:\/\/www.instagram.com\/talla_de_ferro\/\"]}]}<\/script>\n<!-- \/ Yoast SEO plugin. -->","yoast_head_json":{"title":"HOLZ - Tall(a) de Ferro","description":"Tall(a) de Ferro - HOLZ Uni\u00f3 de funcionalitat i estil amb el HOLZ Suport de Llenya cil\u00edndric de Tall(a) de Ferro. Amb formes geom\u00e8triques i l\u00ednies elegants, no nom\u00e9s organitza la llenya, sin\u00f3 que tamb\u00e9 aporta una est\u00e8tica \u00fanica al teu espai.","robots":{"index":"index","follow":"follow","max-snippet":"max-snippet:-1","max-image-preview":"max-image-preview:large","max-video-preview":"max-video-preview:-1"},"canonical":"https:\/\/talladeferro.com\/es\/producto\/holz-suport-llenya\/","og_locale":"es_ES","og_type":"article","og_title":"HOLZ - Tall(a) de Ferro","og_description":"Tall(a) de Ferro - HOLZ Uni\u00f3 de funcionalitat i estil amb el HOLZ Suport de Llenya cil\u00edndric de Tall(a) de Ferro. Amb formes geom\u00e8triques i l\u00ednies elegants, no nom\u00e9s organitza la llenya, sin\u00f3 que tamb\u00e9 aporta una est\u00e8tica \u00fanica al teu espai.","og_url":"https:\/\/talladeferro.com\/es\/producto\/holz-suport-llenya\/","og_site_name":"Tall(a) de Ferro","article_modified_time":"2025-03-03T15:38:23+00:00","og_image":[{"width":1080,"height":1080,"url":"https:\/\/talladeferro.com\/wp-content\/uploads\/2021\/02\/4.png","type":"image\/png"}],"twitter_card":"summary_large_image","twitter_misc":{"Tiempo de lectura":"1 minuto"},"schema":{"@context":"https:\/\/schema.org","@graph":[{"@type":"WebPage","@id":"https:\/\/talladeferro.com\/producte\/holz-suport-llenya\/","url":"https:\/\/talladeferro.com\/producte\/holz-suport-llenya\/","name":"HOLZ - Tall(a) de Ferro","isPartOf":{"@id":"https:\/\/talladeferro.com\/#website"},"primaryImageOfPage":{"@id":"https:\/\/talladeferro.com\/producte\/holz-suport-llenya\/#primaryimage"},"image":{"@id":"https:\/\/talladeferro.com\/producte\/holz-suport-llenya\/#primaryimage"},"thumbnailUrl":"https:\/\/talladeferro.com\/wp-content\/uploads\/2021\/02\/4.png","datePublished":"2024-02-08T23:49:47+00:00","dateModified":"2025-03-03T15:38:23+00:00","description":"Tall(a) de Ferro - HOLZ Uni\u00f3 de funcionalitat i estil amb el HOLZ Suport de Llenya cil\u00edndric de Tall(a) de Ferro. Amb formes geom\u00e8triques i l\u00ednies elegants, no nom\u00e9s organitza la llenya, sin\u00f3 que tamb\u00e9 aporta una est\u00e8tica \u00fanica al teu espai.","breadcrumb":{"@id":"https:\/\/talladeferro.com\/producte\/holz-suport-llenya\/#breadcrumb"},"inLanguage":"es","potentialAction":[{"@type":"ReadAction","target":["https:\/\/talladeferro.com\/producte\/holz-suport-llenya\/"]}]},{"@type":"ImageObject","inLanguage":"es","@id":"https:\/\/talladeferro.com\/producte\/holz-suport-llenya\/#primaryimage","url":"https:\/\/talladeferro.com\/wp-content\/uploads\/2021\/02\/4.png","contentUrl":"https:\/\/talladeferro.com\/wp-content\/uploads\/2021\/02\/4.png","width":1080,"height":1080,"caption":"Suport llenya, llenya, guarda llenya, creativitat, creativa, creatiu, artesania, ferro, minimal, disseny, Talla de Ferro, dona, feminisme, casa, decoraci\u00f3, mobiliari, a mida, personalitzat."},{"@type":"BreadcrumbList","@id":"https:\/\/talladeferro.com\/producte\/holz-suport-llenya\/#breadcrumb","itemListElement":[{"@type":"ListItem","position":1,"name":"Inici","item":"https:\/\/talladeferro.com\/"},{"@type":"ListItem","position":2,"name":"Productes","item":"https:\/\/talladeferro.com\/shop\/"},{"@type":"ListItem","position":3,"name":"HOLZ"}]},{"@type":"WebSite","@id":"https:\/\/talladeferro.com\/#website","url":"https:\/\/talladeferro.com\/","name":"Tall(a) de Ferro","description":"L&#039;artesana del ferro.","publisher":{"@id":"https:\/\/talladeferro.com\/#organization"},"potentialAction":[{"@type":"SearchAction","target":{"@type":"EntryPoint","urlTemplate":"https:\/\/talladeferro.com\/?s={search_term_string}"},"query-input":{"@type":"PropertyValueSpecification","valueRequired":true,"valueName":"search_term_string"}}],"inLanguage":"es"},{"@type":"Organization","@id":"https:\/\/talladeferro.com\/#organization","name":"Tall(a) de Ferro","url":"https:\/\/talladeferro.com\/","logo":{"@type":"ImageObject","inLanguage":"es","@id":"https:\/\/talladeferro.com\/#\/schema\/logo\/image\/","url":"https:\/\/talladeferro.com\/wp-content\/uploads\/2024\/03\/logo_talla_de_ferro.svg","contentUrl":"https:\/\/talladeferro.com\/wp-content\/uploads\/2024\/03\/logo_talla_de_ferro.svg","width":268,"height":163,"caption":"Tall(a) de Ferro"},"image":{"@id":"https:\/\/talladeferro.com\/#\/schema\/logo\/image\/"},"sameAs":["https:\/\/www.instagram.com\/talla_de_ferro\/"]}]}},"_links":{"self":[{"href":"https:\/\/talladeferro.com\/es\/wp-json\/wp\/v2\/product\/395","targetHints":{"allow":["GET"]}}],"collection":[{"href":"https:\/\/talladeferro.com\/es\/wp-json\/wp\/v2\/product"}],"about":[{"href":"https:\/\/talladeferro.com\/es\/wp-json\/wp\/v2\/types\/product"}],"replies":[{"embeddable":true,"href":"https:\/\/talladeferro.com\/es\/wp-json\/wp\/v2\/comments?post=395"}],"wp:featuredmedia":[{"embeddable":true,"href":"https:\/\/talladeferro.com\/es\/wp-json\/wp\/v2\/media\/1485"}],"wp:attachment":[{"href":"https:\/\/talladeferro.com\/es\/wp-json\/wp\/v2\/media?parent=395"}],"wp:term":[{"taxonomy":"product_brand","embeddable":true,"href":"https:\/\/talladeferro.com\/es\/wp-json\/wp\/v2\/product_brand?post=395"},{"taxonomy":"product_cat","embeddable":true,"href":"https:\/\/talladeferro.com\/es\/wp-json\/wp\/v2\/product_cat?post=395"},{"taxonomy":"product_tag","embeddable":true,"href":"https:\/\/talladeferro.com\/es\/wp-json\/wp\/v2\/product_tag?post=395"}],"curies":[{"name":"wp","href":"https:\/\/api.w.org\/{rel}","templated":true}]}}